{"id":6127,"date":"2023-10-30T15:17:14","date_gmt":"2023-10-30T15:17:14","guid":{"rendered":"https:\/\/v-er.eu\/verwaltungsrat\/"},"modified":"2025-01-14T15:21:41","modified_gmt":"2025-01-14T15:21:41","slug":"verwaltungsrat","status":"publish","type":"page","link":"https:\/\/v-er.eu\/de\/verwaltungsrat\/","title":{"rendered":"Board of Directors"},"content":{"rendered":"<section id=\"block_053050148eef049992f40d4ef771a4ba\" class=\"block__text-media-hero block relative -mt-14 block_margin\">\n\n  <div class=\"relative bg-[url(17867)] bg-cover bg-center bg-no-repeat\">\n\n          <div class=\"absolute inset-0\">\n        <figure class=\"m-0 h-full\">\n <div class=\"ratio no-ratio h-full\">     <img width=\"2560\" height=\"1709\" src=\"https:\/\/v-er.eu\/app\/uploads\/2025\/01\/iStock-1088224536-scaled.jpg\" class=\"object-cover h-full w-full wp-image\" alt=\"\" decoding=\"async\" loading=\"eager\" srcset=\"https:\/\/v-er.eu\/app\/uploads\/2025\/01\/iStock-1088224536-scaled.jpg 2560w, https:\/\/v-er.eu\/app\/uploads\/2025\/01\/iStock-1088224536-300x200.jpg 300w, https:\/\/v-er.eu\/app\/uploads\/2025\/01\/iStock-1088224536-1024x683.jpg 1024w, https:\/\/v-er.eu\/app\/uploads\/2025\/01\/iStock-1088224536-768x513.jpg 768w, https:\/\/v-er.eu\/app\/uploads\/2025\/01\/iStock-1088224536-1536x1025.jpg 1536w, https:\/\/v-er.eu\/app\/uploads\/2025\/01\/iStock-1088224536-2048x1367.jpg 2048w\" sizes=\"(max-width: 2560px) 100vw, 2560px\" \/>\n <\/div> <\/figure>      <\/div>\n    \n    <div class=\"absolute inset-0 bg-gradient-to-l from-transparent to-primary\"><\/div>\n\n    <div class=\"relative container flex flex-col justify-between flex-wrap py-16 min-h-[28rem]\">\n\n      <div class=\"text-white mb-10\">\n                <div id=\"Breadcrumb\">\n            <nav aria-label=\"Breadcrumb\">\n                <ol class=\"flex items-center gap-1 text-sm\">\n                <li class=\"breadcrumb-item \">\n                    <a class=\"breadcrumb-home\" href=\"https:\/\/v-er.eu\/de\/\">\n                        <svg\n    xmlns=\"http:\/\/www.w3.org\/2000\/svg\"\n    class=\"h-4 w-4\"\n    fill=\"none\"\n    viewBox=\"0 0 24 24\"\n    stroke=\"currentColor\"\n    height=\"24\"\n    width=\"24\"\n    >\n    <path\n    stroke-linecap=\"round\"\n    stroke-linejoin=\"round\"\n    stroke-width=\"2\"\n    d=\"M3 12l2-2m0 0l7-7 7 7M5 10v10a1 1 0 001 1h3m10-11l2 2m-2-2v10a1 1 0 01-1 1h-3m-6 0a1 1 0 001-1v-4a1 1 0 011-1h2a1 1 0 011 1v4a1 1 0 001 1m-6 0h6\"\n    \/>\n<\/svg>                    <\/a>\n                <\/li>\n                                                                                        <li class=\"breadcrumb-item flex items-center active\"  aria-current=\"page\">\n                                <span class=\"rotate-[270deg] inline-block\"> <svg xmlns=\"http:\/\/www.w3.org\/2000\/svg\"\nclass=\"h-4 w-4\"\nviewBox=\"0 0 20 20\"\nstroke=\"currentColor\"\nheight=\"24\"\nwidth=\"24\">\n    <path d=\"M9.293 12.95l.707.707L15.657 8l-1.414-1.414L10 10.828 5.757 6.586 4.343 8z\" \/>\n<\/svg> <\/span>\n                                <span class=\"inline-block\">Board of Directors<\/span>\n                            <\/li>\n                                                                                    <\/ol>\n            <\/nav>\n        <\/div>      <\/div>\n\n      <div class=\"w-full ltr:sm:text-left rtl:sm:text-right\">\n                  <h2 >\n          <span class=\"PreHeadline block text-3xl hyphens-auto font-bold text-secondary font-highlight\">Experience is key<\/span>\n              <span class=\"Headline block hyphens-auto text-white\">Unser<strong> Board of Directors.<\/strong><\/span>\n      <\/h2>\n        \n        \n        <div class=\"max-w-md text-white\">\n          \n        <\/div>\n \n              <\/div>\n    <\/div>\n  <\/div>\n\n  <div class=\"absolute bottom-0 w-full\">\n    <div>\n  <svg height=\"20\" width=\"100\" class=\"h-8 md:h-12 lg:h-20 w-full  text-white relative z-10\" viewBox=\"0 0 10 10\" preserveAspectRatio=\"none\">\n  <polygon fill=\"currentColor\" points=\"0 10 10 0 10 10\"><\/polygon>\n  <\/svg>\n<\/div>  <\/div>\n\n<\/section>\n\n\n\n<section id=\"block_cf05db8e5587f61b9e93af11f54ec583\" class=\"block__members block block_margin\">\n    <div class=\"bg-none \">\n    <div class=\"container\">\n      <div class=\"row gap-y-14\">\n        <div class=\"col-12 lg:col-6\">\n  <h2 >\n          <span class=\"PreHeadline block text-3xl hyphens-auto font-bold text-secondary font-highlight\">Experience is key<\/span>\n              <span class=\"Headline block hyphens-auto text-primary\">Unser <strong>Board of Directors.<\/strong><\/span>\n      <\/h2>\n\n      <div class=\"block\">\n      <p class=\"mb-last-item\">Vulcans Experten-Team wird von einem Board unterst\u00fctzt, das \u00fcber jahrzehntelange Erfahrung in der Lithiumindustrie, der Geologie-Branche und im Investmentbanking verf\u00fcgt.<\/p>\n<p class=\"mb-last-item\">&nbsp;<\/p>\n    <\/div>\n  \n  \n\n  \n<\/div>\n                  <div class=\"row gap-y-6\">\n                                          <div class=\"col-12 md:col-6 xl:col-4\">\n                  <div class=\"modal h-full\" x-data=\"{open: false}\" x-cloak>\n  <div class=\"h-full\" @click=\"open = true\">\n    <div class=\"h-full group\">\n  <div class=\"singe-tile rounded-2xl overflow-hidden shadow-even hover:scale-[1.01] transition duration-300 h-full flex flex-col\">\n    <div class=\"block relative\">\n      <figure class=\"m-0 w-full\">\n <div class=\"ratio ratio ratio-4x3\">     <img width=\"950\" height=\"640\" src=\"https:\/\/v-er.eu\/app\/uploads\/2023\/10\/Francis-Wedin-compressed.jpg\" class=\"object-cover wp-image\" alt=\"\" decoding=\"async\" loading=\"lazy\" srcset=\"https:\/\/v-er.eu\/app\/uploads\/2023\/10\/Francis-Wedin-compressed.jpg 950w, https:\/\/v-er.eu\/app\/uploads\/2023\/10\/Francis-Wedin-compressed-300x202.jpg 300w, https:\/\/v-er.eu\/app\/uploads\/2023\/10\/Francis-Wedin-compressed-768x517.jpg 768w\" sizes=\"(max-width: 950px) 100vw, 950px\" \/>\n <\/div> <\/figure>      <div class=\"rounded-full absolute top-1\/2 left-1\/2\">\n        <figure class=\"m-0 w-full\">\n <div class=\"ratio ratio-1x1\">     <img width=\"950\" height=\"640\" src=\"https:\/\/v-er.eu\/app\/uploads\/2023\/10\/Francis-Wedin-compressed.jpg\" class=\"object-cover wp-image\" alt=\"\" decoding=\"async\" loading=\"lazy\" srcset=\"https:\/\/v-er.eu\/app\/uploads\/2023\/10\/Francis-Wedin-compressed.jpg 950w, https:\/\/v-er.eu\/app\/uploads\/2023\/10\/Francis-Wedin-compressed-300x202.jpg 300w, https:\/\/v-er.eu\/app\/uploads\/2023\/10\/Francis-Wedin-compressed-768x517.jpg 768w\" sizes=\"(max-width: 950px) 100vw, 950px\" \/>\n <\/div> <\/figure>      <\/div>\n      <div class=\"absolute -bottom-[2rem] left-1\/2 -translate-x-1\/2 backdrop-blur-xl p-4 rounded-full\">\n        <img decoding=\"async\" class=\"w-8 h-8\" src=\"https:\/\/v-er.eu\/app\/themes\/vulcan\/public\/images\/v-signat.d56e6a.svg\" alt=\"\">\n      <\/div>\n    <\/div>\n    <div class=\"p-6 pt-10 flex flex-col justify-center flex-1 bg-primary\">\n      <div class=\"block text-center\">\n        <p class=\"text-white mb-1\">Executive Chair<\/p>\n        <h3 class=\"mb-0\">\n              <span class=\"Headline block hyphens-auto text-white text-2xl font-bold\">Dr. Francis Wedin<\/span>\n      <\/h3>\n        <a @click.prevent class=\"btn textlink-secondary mt-6\"> Mehr erfahren<\/a>\n      <\/div>\n    <\/div>\n  <\/div>\n<\/div>\n  <\/div>\n  <div class=\"fixed inset-0 flex items-center justify-center z-30 before:content-[attr(before)] before:backdrop-blur-sm before:inset-0 before:fixed before:z-30\"\n    before=\"\"\n    x-show=\"open\" \n    x-transition:enter=\"transition ease-out duration-300\" \n    x-transition:enter-start=\"blur-none\" \n    x-transition:enter-end=\"backdrop-blur-sm\"\n    x-transition:leave=\"transition ease-in duration-300\" \n    x-transition:leave-start=\"backdrop-blur-sm\"\n    x-transition:leave-end=\"blur-none\"\n    @click=\"open = false\" >\n\n    <!-- Modal Content -->\n    <div class=\"z-40 p-4 relative\"\n      x-show=\"open\" \n      x-transition:enter=\"transition ease-out duration-300\" \n      x-transition:enter-start=\"opacity-0 transform translate-y-full\" \n      x-transition:enter-end=\"opacity-100 transform translate-y-0\" \n      x-transition:leave=\"transition ease-in duration-300\" \n      x-transition:leave-start=\"opacity-100 transform translate-y-0\" \n      x-transition:leave-end=\"opacity-0 transform translate-y-full\"\n      @click.stop>\n\n      <div class=\"bg-white p-8 rounded-2xl shadow-even max-w-2xl\">\n                        <div class=\"row gap-y-6\">\n                          <div class=\"col-3\">\n                            <div class=\"rounded-full overflow-hidden shadow-xl\">\n                              <figure class=\"m-0 w-full\">\n <div class=\"ratio ratio ratio-1x1\">     <img width=\"950\" height=\"640\" src=\"https:\/\/v-er.eu\/app\/uploads\/2023\/10\/Francis-Wedin-compressed.jpg\" class=\"object-cover wp-image\" alt=\"\" decoding=\"async\" loading=\"lazy\" srcset=\"https:\/\/v-er.eu\/app\/uploads\/2023\/10\/Francis-Wedin-compressed.jpg 950w, https:\/\/v-er.eu\/app\/uploads\/2023\/10\/Francis-Wedin-compressed-300x202.jpg 300w, https:\/\/v-er.eu\/app\/uploads\/2023\/10\/Francis-Wedin-compressed-768x517.jpg 768w\" sizes=\"(max-width: 950px) 100vw, 950px\" \/>\n <\/div> <\/figure>                            <\/div>\n                          <\/div>\n                          <div class=\"col-9 flex items-center\">\n                            <h3 class=\"mb-0\">\n          <span class=\"PreHeadline block hyphens-auto text-secondary text-lg font-bold font-base\">Executive Chair<\/span>\n              <span class=\"Headline block hyphens-auto text-primary text-3xl font-bold\">Dr. Francis Wedin<\/span>\n      <\/h3>\n                          <\/div>\n                          <div class=\"col-12\">\n                            <p class=\"mb-last-item\">Dr. Wedin ist eine erfahrene F\u00fchrungskraft in der Batterierohstoffbranche und auf dem Feld der Erneuerbaren Energien. Sein Hauptfokus liegt dabei auf Projekten, die zur Dekarbonisierung und zum Klimaschutz auf globaler Ebene beitragen.<\/p>\n<p class=\"mb-last-item\">Wedin gr\u00fcndete mit Vulcan Energy und dem kombinierten Projekt ein Unternehmen, das sowohl Erneuerbare Energie als auch klimaneutrales Lithium bereitstellen m\u00f6chte. Vulcan strebt an, damit das weltweit erste Projekt zur Produktion klimaneutralen Lithiums zu sein.<\/p>\n<p class=\"mb-last-item\">Dr. Wedin war zuvor als Executive Director des an der ASX notierten Unternehmens Exore Resources t\u00e4tig. Dort entwickelte er zwei neue Lithiumressourcen auf zwei Kontinenten.<\/p>\n<p class=\"mb-last-item\">Wedin ist zweisprachig und h\u00e4lt einen Doktortitel und einen Bachelor (BSc Hons) in Geologie sowie einen Master of Business Administration in Erneuerbaren Energien. Wedin ist Mitglied in der Geological Society, London sowie am Australasian Institute of Mining and Metallurgy.<\/p>\n<p class=\"mb-last-item\">&nbsp;<\/p>\n\n                          <\/div>\n                        <\/div>\n                      <\/div>\n      <button class=\"mt-4 px-4 py-2 bg-coral-red text-white rounded-full rotate-45 shadow-2xl border-4 border-white absolute right-0 -top-3 cursor-pointer\"\n        @click=\"open = false\">\n        <span>+<\/span>\n      <\/button>\n    <\/div>\n  <\/div>\n<\/div>                <\/div>\n                                                        <div class=\"col-12 md:col-6 xl:col-4\">\n                  <div class=\"modal h-full\" x-data=\"{open: false}\" x-cloak>\n  <div class=\"h-full\" @click=\"open = true\">\n    <div class=\"h-full group\">\n  <div class=\"singe-tile rounded-2xl overflow-hidden shadow-even hover:scale-[1.01] transition duration-300 h-full flex flex-col\">\n    <div class=\"block relative\">\n      <figure class=\"m-0 w-full\">\n <div class=\"ratio ratio ratio-4x3\">     <img width=\"950\" height=\"659\" src=\"https:\/\/v-er.eu\/app\/uploads\/2023\/10\/Cris-Moreno-compressed.jpg\" class=\"object-cover wp-image\" alt=\"\" decoding=\"async\" loading=\"lazy\" srcset=\"https:\/\/v-er.eu\/app\/uploads\/2023\/10\/Cris-Moreno-compressed.jpg 950w, https:\/\/v-er.eu\/app\/uploads\/2023\/10\/Cris-Moreno-compressed-300x208.jpg 300w, https:\/\/v-er.eu\/app\/uploads\/2023\/10\/Cris-Moreno-compressed-768x533.jpg 768w\" sizes=\"(max-width: 950px) 100vw, 950px\" \/>\n <\/div> <\/figure>      <div class=\"rounded-full absolute top-1\/2 left-1\/2\">\n        <figure class=\"m-0 w-full\">\n <div class=\"ratio ratio-1x1\">     <img width=\"950\" height=\"659\" src=\"https:\/\/v-er.eu\/app\/uploads\/2023\/10\/Cris-Moreno-compressed.jpg\" class=\"object-cover wp-image\" alt=\"\" decoding=\"async\" loading=\"lazy\" srcset=\"https:\/\/v-er.eu\/app\/uploads\/2023\/10\/Cris-Moreno-compressed.jpg 950w, https:\/\/v-er.eu\/app\/uploads\/2023\/10\/Cris-Moreno-compressed-300x208.jpg 300w, https:\/\/v-er.eu\/app\/uploads\/2023\/10\/Cris-Moreno-compressed-768x533.jpg 768w\" sizes=\"(max-width: 950px) 100vw, 950px\" \/>\n <\/div> <\/figure>      <\/div>\n      <div class=\"absolute -bottom-[2rem] left-1\/2 -translate-x-1\/2 backdrop-blur-xl p-4 rounded-full\">\n        <img decoding=\"async\" class=\"w-8 h-8\" src=\"https:\/\/v-er.eu\/app\/themes\/vulcan\/public\/images\/v-signat.d56e6a.svg\" alt=\"\">\n      <\/div>\n    <\/div>\n    <div class=\"p-6 pt-10 flex flex-col justify-center flex-1 bg-primary\">\n      <div class=\"block text-center\">\n        <p class=\"text-white mb-1\">Managing Director und CEO Vulcan Energy Resources Ltd<\/p>\n        <h3 class=\"mb-0\">\n              <span class=\"Headline block hyphens-auto text-white text-2xl font-bold\">Cris Moreno<\/span>\n      <\/h3>\n        <a @click.prevent class=\"btn textlink-secondary mt-6\"> Mehr erfahren<\/a>\n      <\/div>\n    <\/div>\n  <\/div>\n<\/div>\n  <\/div>\n  <div class=\"fixed inset-0 flex items-center justify-center z-30 before:content-[attr(before)] before:backdrop-blur-sm before:inset-0 before:fixed before:z-30\"\n    before=\"\"\n    x-show=\"open\" \n    x-transition:enter=\"transition ease-out duration-300\" \n    x-transition:enter-start=\"blur-none\" \n    x-transition:enter-end=\"backdrop-blur-sm\"\n    x-transition:leave=\"transition ease-in duration-300\" \n    x-transition:leave-start=\"backdrop-blur-sm\"\n    x-transition:leave-end=\"blur-none\"\n    @click=\"open = false\" >\n\n    <!-- Modal Content -->\n    <div class=\"z-40 p-4 relative\"\n      x-show=\"open\" \n      x-transition:enter=\"transition ease-out duration-300\" \n      x-transition:enter-start=\"opacity-0 transform translate-y-full\" \n      x-transition:enter-end=\"opacity-100 transform translate-y-0\" \n      x-transition:leave=\"transition ease-in duration-300\" \n      x-transition:leave-start=\"opacity-100 transform translate-y-0\" \n      x-transition:leave-end=\"opacity-0 transform translate-y-full\"\n      @click.stop>\n\n      <div class=\"bg-white p-8 rounded-2xl shadow-even max-w-2xl\">\n                        <div class=\"row gap-y-6\">\n                          <div class=\"col-3\">\n                            <div class=\"rounded-full overflow-hidden shadow-xl\">\n                              <figure class=\"m-0 w-full\">\n <div class=\"ratio ratio ratio-1x1\">     <img width=\"950\" height=\"659\" src=\"https:\/\/v-er.eu\/app\/uploads\/2023\/10\/Cris-Moreno-compressed.jpg\" class=\"object-cover wp-image\" alt=\"\" decoding=\"async\" loading=\"lazy\" srcset=\"https:\/\/v-er.eu\/app\/uploads\/2023\/10\/Cris-Moreno-compressed.jpg 950w, https:\/\/v-er.eu\/app\/uploads\/2023\/10\/Cris-Moreno-compressed-300x208.jpg 300w, https:\/\/v-er.eu\/app\/uploads\/2023\/10\/Cris-Moreno-compressed-768x533.jpg 768w\" sizes=\"(max-width: 950px) 100vw, 950px\" \/>\n <\/div> <\/figure>                            <\/div>\n                          <\/div>\n                          <div class=\"col-9 flex items-center\">\n                            <h3 class=\"mb-0\">\n          <span class=\"PreHeadline block hyphens-auto text-secondary text-lg font-bold font-base\">Managing Director und CEO Vulcan Energy Resources Ltd<\/span>\n              <span class=\"Headline block hyphens-auto text-primary text-3xl font-bold\">Cris Moreno<\/span>\n      <\/h3>\n                          <\/div>\n                          <div class=\"col-12\">\n                            <p class=\"mb-last-item\">Cris Moreno verf\u00fcgt \u00fcber mehr als 20 Jahre Erfahrung in der erfolgreichen Durchf\u00fchrung gro\u00dfer, einzigartiger und anspruchsvoller Projekte, unter anderem in den Bereichen Lithiumchemikalien, Kathoden und LNG.<\/p>\n<p class=\"mb-last-item\">Im LNG-Sektor hatte er F\u00fchrungspositionen bei Santos, Woodside und Shell inne und arbeitete unter anderem an den LNG-Projekten Browse, Gorgon und Prelude. Bevor er zu Vulcan kam, war Cris Moreno im Bereich Lithiumchemikalien und Batteriekathoden in Europa t\u00e4tig, und zwar als Senior Director Programs f\u00fcr die Gesch\u00e4ftseinheit Northvolt-Cathode Active Material (CAM) und als Vice President &#8211; Engineering and Development f\u00fcr Aurora Lithium, die Lithiumhydroxid-Raffinerie von Northvolt in Europa.<\/p>\n\n                          <\/div>\n                        <\/div>\n                      <\/div>\n      <button class=\"mt-4 px-4 py-2 bg-coral-red text-white rounded-full rotate-45 shadow-2xl border-4 border-white absolute right-0 -top-3 cursor-pointer\"\n        @click=\"open = false\">\n        <span>+<\/span>\n      <\/button>\n    <\/div>\n  <\/div>\n<\/div>                <\/div>\n                                                                                                            <div class=\"col-12 md:col-6 xl:col-4\">\n                  <div class=\"modal h-full\" x-data=\"{open: false}\" x-cloak>\n  <div class=\"h-full\" @click=\"open = true\">\n    <div class=\"h-full group\">\n  <div class=\"singe-tile rounded-2xl overflow-hidden shadow-even hover:scale-[1.01] transition duration-300 h-full flex flex-col\">\n    <div class=\"block relative\">\n      <figure class=\"m-0 w-full\">\n <div class=\"ratio ratio ratio-4x3\">     <img width=\"950\" height=\"644\" src=\"https:\/\/v-er.eu\/app\/uploads\/2023\/10\/Angus-Barker-compressed.jpg\" class=\"object-cover wp-image\" alt=\"\" decoding=\"async\" loading=\"lazy\" srcset=\"https:\/\/v-er.eu\/app\/uploads\/2023\/10\/Angus-Barker-compressed.jpg 950w, https:\/\/v-er.eu\/app\/uploads\/2023\/10\/Angus-Barker-compressed-300x203.jpg 300w, https:\/\/v-er.eu\/app\/uploads\/2023\/10\/Angus-Barker-compressed-768x521.jpg 768w\" sizes=\"(max-width: 950px) 100vw, 950px\" \/>\n <\/div> <\/figure>      <div class=\"rounded-full absolute top-1\/2 left-1\/2\">\n        <figure class=\"m-0 w-full\">\n <div class=\"ratio ratio-1x1\">     <img width=\"950\" height=\"644\" src=\"https:\/\/v-er.eu\/app\/uploads\/2023\/10\/Angus-Barker-compressed.jpg\" class=\"object-cover wp-image\" alt=\"\" decoding=\"async\" loading=\"lazy\" srcset=\"https:\/\/v-er.eu\/app\/uploads\/2023\/10\/Angus-Barker-compressed.jpg 950w, https:\/\/v-er.eu\/app\/uploads\/2023\/10\/Angus-Barker-compressed-300x203.jpg 300w, https:\/\/v-er.eu\/app\/uploads\/2023\/10\/Angus-Barker-compressed-768x521.jpg 768w\" sizes=\"(max-width: 950px) 100vw, 950px\" \/>\n <\/div> <\/figure>      <\/div>\n      <div class=\"absolute -bottom-[2rem] left-1\/2 -translate-x-1\/2 backdrop-blur-xl p-4 rounded-full\">\n        <img decoding=\"async\" class=\"w-8 h-8\" src=\"https:\/\/v-er.eu\/app\/themes\/vulcan\/public\/images\/v-signat.d56e6a.svg\" alt=\"\">\n      <\/div>\n    <\/div>\n    <div class=\"p-6 pt-10 flex flex-col justify-center flex-1 bg-primary\">\n      <div class=\"block text-center\">\n        <p class=\"text-white mb-1\">Lead Independent Director and Deputy Chair<\/p>\n        <h3 class=\"mb-0\">\n              <span class=\"Headline block hyphens-auto text-white text-2xl font-bold\">Angus Barker<\/span>\n      <\/h3>\n        <a @click.prevent class=\"btn textlink-secondary mt-6\"> Mehr erfahren<\/a>\n      <\/div>\n    <\/div>\n  <\/div>\n<\/div>\n  <\/div>\n  <div class=\"fixed inset-0 flex items-center justify-center z-30 before:content-[attr(before)] before:backdrop-blur-sm before:inset-0 before:fixed before:z-30\"\n    before=\"\"\n    x-show=\"open\" \n    x-transition:enter=\"transition ease-out duration-300\" \n    x-transition:enter-start=\"blur-none\" \n    x-transition:enter-end=\"backdrop-blur-sm\"\n    x-transition:leave=\"transition ease-in duration-300\" \n    x-transition:leave-start=\"backdrop-blur-sm\"\n    x-transition:leave-end=\"blur-none\"\n    @click=\"open = false\" >\n\n    <!-- Modal Content -->\n    <div class=\"z-40 p-4 relative\"\n      x-show=\"open\" \n      x-transition:enter=\"transition ease-out duration-300\" \n      x-transition:enter-start=\"opacity-0 transform translate-y-full\" \n      x-transition:enter-end=\"opacity-100 transform translate-y-0\" \n      x-transition:leave=\"transition ease-in duration-300\" \n      x-transition:leave-start=\"opacity-100 transform translate-y-0\" \n      x-transition:leave-end=\"opacity-0 transform translate-y-full\"\n      @click.stop>\n\n      <div class=\"bg-white p-8 rounded-2xl shadow-even max-w-2xl\">\n                        <div class=\"row gap-y-6\">\n                          <div class=\"col-3\">\n                            <div class=\"rounded-full overflow-hidden shadow-xl\">\n                              <figure class=\"m-0 w-full\">\n <div class=\"ratio ratio ratio-1x1\">     <img width=\"950\" height=\"644\" src=\"https:\/\/v-er.eu\/app\/uploads\/2023\/10\/Angus-Barker-compressed.jpg\" class=\"object-cover wp-image\" alt=\"\" decoding=\"async\" loading=\"lazy\" srcset=\"https:\/\/v-er.eu\/app\/uploads\/2023\/10\/Angus-Barker-compressed.jpg 950w, https:\/\/v-er.eu\/app\/uploads\/2023\/10\/Angus-Barker-compressed-300x203.jpg 300w, https:\/\/v-er.eu\/app\/uploads\/2023\/10\/Angus-Barker-compressed-768x521.jpg 768w\" sizes=\"(max-width: 950px) 100vw, 950px\" \/>\n <\/div> <\/figure>                            <\/div>\n                          <\/div>\n                          <div class=\"col-9 flex items-center\">\n                            <h3 class=\"mb-0\">\n          <span class=\"PreHeadline block hyphens-auto text-secondary text-lg font-bold font-base\">Lead Independent Director and Deputy Chair<\/span>\n              <span class=\"Headline block hyphens-auto text-primary text-3xl font-bold\">Angus Barker<\/span>\n      <\/h3>\n                          <\/div>\n                          <div class=\"col-12\">\n                            <p class=\"mb-last-item\">Angus Barker verf\u00fcgt \u00fcber mehr als 30 Jahre Berufserfahrung als Direktor von b\u00f6rsennotierten Unternehmen und bringt umfassende Expertise in den Bereichen Fusionen und \u00dcbernahmen sowie Kapitalm\u00e4rkte und strategische Beratung mit. Er hatte leitende Positionen bei erstklassigen globalen Investmentbanken in Australien, dem Vereinigten K\u00f6nigreich und Asien, wo er 12 Jahre lang in Hongkong wohnte, inne. Er hat Vorst\u00e4nde und CEOs b\u00f6rsennotierter Unternehmen bei strategischen Fusionen und \u00dcbernahmen sowie komplexen Kapitalmarkttransaktionen beraten und verf\u00fcgt \u00fcber tiefgehende Branchenkenntnisse in den Bereichen Rohstoffe, Finanzdienstleistungen, Infrastruktur und Technologie, wo er Vorst\u00e4nde und F\u00fchrungskr\u00e4fte bei komplexen finanziellen Entscheidungen begleitet hat. Neben seinen Aufgaben in der Unternehmensberatung war Angus auch als Senior Adviser f\u00fcr australische Regierungsminister in wichtigen Wirtschaftsbereichen t\u00e4tig. Dabei gestaltete er politische Ma\u00dfnahmen in den Bereichen Altersvorsorge, Finanzdienstleistungen, digitale Wirtschaft, Handel und ausl\u00e4ndischen Investitionen mit. Angus ist Vorsitzender von Australian Rare Earths und Non-Executive Director von WAM Capital.<\/p>\n\n                          <\/div>\n                        <\/div>\n                      <\/div>\n      <button class=\"mt-4 px-4 py-2 bg-coral-red text-white rounded-full rotate-45 shadow-2xl border-4 border-white absolute right-0 -top-3 cursor-pointer\"\n        @click=\"open = false\">\n        <span>+<\/span>\n      <\/button>\n    <\/div>\n  <\/div>\n<\/div>                <\/div>\n                                                        <div class=\"col-12 md:col-6 xl:col-4\">\n                  <div class=\"modal h-full\" x-data=\"{open: false}\" x-cloak>\n  <div class=\"h-full\" @click=\"open = true\">\n    <div class=\"h-full group\">\n  <div class=\"singe-tile rounded-2xl overflow-hidden shadow-even hover:scale-[1.01] transition duration-300 h-full flex flex-col\">\n    <div class=\"block relative\">\n      <figure class=\"m-0 w-full\">\n <div class=\"ratio ratio ratio-4x3\">     <img width=\"950\" height=\"638\" src=\"https:\/\/v-er.eu\/app\/uploads\/2023\/10\/Felicity-Gooding-compressed.jpg\" class=\"object-cover wp-image\" alt=\"\" decoding=\"async\" loading=\"lazy\" srcset=\"https:\/\/v-er.eu\/app\/uploads\/2023\/10\/Felicity-Gooding-compressed.jpg 950w, https:\/\/v-er.eu\/app\/uploads\/2023\/10\/Felicity-Gooding-compressed-300x201.jpg 300w, https:\/\/v-er.eu\/app\/uploads\/2023\/10\/Felicity-Gooding-compressed-768x516.jpg 768w\" sizes=\"(max-width: 950px) 100vw, 950px\" \/>\n <\/div> <\/figure>      <div class=\"rounded-full absolute top-1\/2 left-1\/2\">\n        <figure class=\"m-0 w-full\">\n <div class=\"ratio ratio-1x1\">     <img width=\"950\" height=\"638\" src=\"https:\/\/v-er.eu\/app\/uploads\/2023\/10\/Felicity-Gooding-compressed.jpg\" class=\"object-cover wp-image\" alt=\"\" decoding=\"async\" loading=\"lazy\" srcset=\"https:\/\/v-er.eu\/app\/uploads\/2023\/10\/Felicity-Gooding-compressed.jpg 950w, https:\/\/v-er.eu\/app\/uploads\/2023\/10\/Felicity-Gooding-compressed-300x201.jpg 300w, https:\/\/v-er.eu\/app\/uploads\/2023\/10\/Felicity-Gooding-compressed-768x516.jpg 768w\" sizes=\"(max-width: 950px) 100vw, 950px\" \/>\n <\/div> <\/figure>      <\/div>\n      <div class=\"absolute -bottom-[2rem] left-1\/2 -translate-x-1\/2 backdrop-blur-xl p-4 rounded-full\">\n        <img decoding=\"async\" class=\"w-8 h-8\" src=\"https:\/\/v-er.eu\/app\/themes\/vulcan\/public\/images\/v-signat.d56e6a.svg\" alt=\"\">\n      <\/div>\n    <\/div>\n    <div class=\"p-6 pt-10 flex flex-col justify-center flex-1 bg-primary\">\n      <div class=\"block text-center\">\n        <p class=\"text-white mb-1\">Executive Director und Group Chief Financial Officer<\/p>\n        <h3 class=\"mb-0\">\n              <span class=\"Headline block hyphens-auto text-white text-2xl font-bold\">Felicity Gooding<\/span>\n      <\/h3>\n        <a @click.prevent class=\"btn textlink-secondary mt-6\"> Mehr erfahren<\/a>\n      <\/div>\n    <\/div>\n  <\/div>\n<\/div>\n  <\/div>\n  <div class=\"fixed inset-0 flex items-center justify-center z-30 before:content-[attr(before)] before:backdrop-blur-sm before:inset-0 before:fixed before:z-30\"\n    before=\"\"\n    x-show=\"open\" \n    x-transition:enter=\"transition ease-out duration-300\" \n    x-transition:enter-start=\"blur-none\" \n    x-transition:enter-end=\"backdrop-blur-sm\"\n    x-transition:leave=\"transition ease-in duration-300\" \n    x-transition:leave-start=\"backdrop-blur-sm\"\n    x-transition:leave-end=\"blur-none\"\n    @click=\"open = false\" >\n\n    <!-- Modal Content -->\n    <div class=\"z-40 p-4 relative\"\n      x-show=\"open\" \n      x-transition:enter=\"transition ease-out duration-300\" \n      x-transition:enter-start=\"opacity-0 transform translate-y-full\" \n      x-transition:enter-end=\"opacity-100 transform translate-y-0\" \n      x-transition:leave=\"transition ease-in duration-300\" \n      x-transition:leave-start=\"opacity-100 transform translate-y-0\" \n      x-transition:leave-end=\"opacity-0 transform translate-y-full\"\n      @click.stop>\n\n      <div class=\"bg-white p-8 rounded-2xl shadow-even max-w-2xl\">\n                        <div class=\"row gap-y-6\">\n                          <div class=\"col-3\">\n                            <div class=\"rounded-full overflow-hidden shadow-xl\">\n                              <figure class=\"m-0 w-full\">\n <div class=\"ratio ratio ratio-1x1\">     <img width=\"950\" height=\"638\" src=\"https:\/\/v-er.eu\/app\/uploads\/2023\/10\/Felicity-Gooding-compressed.jpg\" class=\"object-cover wp-image\" alt=\"\" decoding=\"async\" loading=\"lazy\" srcset=\"https:\/\/v-er.eu\/app\/uploads\/2023\/10\/Felicity-Gooding-compressed.jpg 950w, https:\/\/v-er.eu\/app\/uploads\/2023\/10\/Felicity-Gooding-compressed-300x201.jpg 300w, https:\/\/v-er.eu\/app\/uploads\/2023\/10\/Felicity-Gooding-compressed-768x516.jpg 768w\" sizes=\"(max-width: 950px) 100vw, 950px\" \/>\n <\/div> <\/figure>                            <\/div>\n                          <\/div>\n                          <div class=\"col-9 flex items-center\">\n                            <h3 class=\"mb-0\">\n          <span class=\"PreHeadline block hyphens-auto text-secondary text-lg font-bold font-base\">Executive Director und Group Chief Financial Officer<\/span>\n              <span class=\"Headline block hyphens-auto text-primary text-3xl font-bold\">Felicity Gooding<\/span>\n      <\/h3>\n                          <\/div>\n                          <div class=\"col-12\">\n                            <p class=\"mb-last-item\">Felicity Gooding ist eine erfahrene F\u00fchrungskraft im Finanzbereich. Insbesondere in den Bereichen strategischer und finanzieller Analyse, Schuldenfinanzierung, Unternehmensfinanzierung, Fusionen und \u00dcbernahmen, Management- und Finanzbuchhaltung sowie Governance in Australien, Singapur, London und Washington, D.C, bringt sie \u00fcber 20 Jahre Erfahrung mit.<\/p>\n<p class=\"mb-last-item\">Diese Erfahrung konnte Felicity Gooding in mehreren f\u00fcr Vulcan relevanter Branchen sammeln, darunter Energie, Bergbau und Infrastruktur. Zuletzt war Gooding CFO und Global Head of Commercial bei Fortescue Future Industries. Dort leitete sie das Finanzteam, einschlie\u00dflich des spezialisierten Projektfinanzierungsteams, welches f\u00fcr die Sicherung von Finanzmitteln zur Erm\u00f6glichung finanzieller Investitionsentscheidungen f\u00fcr gr\u00fcne Energieprojekte verantwortlich war.<\/p>\n\n                          <\/div>\n                        <\/div>\n                      <\/div>\n      <button class=\"mt-4 px-4 py-2 bg-coral-red text-white rounded-full rotate-45 shadow-2xl border-4 border-white absolute right-0 -top-3 cursor-pointer\"\n        @click=\"open = false\">\n        <span>+<\/span>\n      <\/button>\n    <\/div>\n  <\/div>\n<\/div>                <\/div>\n                                                        <div class=\"col-12 md:col-6 xl:col-4\">\n                  <div class=\"modal h-full\" x-data=\"{open: false}\" x-cloak>\n  <div class=\"h-full\" @click=\"open = true\">\n    <div class=\"h-full group\">\n  <div class=\"singe-tile rounded-2xl overflow-hidden shadow-even hover:scale-[1.01] transition duration-300 h-full flex flex-col\">\n    <div class=\"block relative\">\n      <figure class=\"m-0 w-full\">\n <div class=\"ratio ratio ratio-4x3\">     <img width=\"950\" height=\"670\" src=\"https:\/\/v-er.eu\/app\/uploads\/2023\/10\/Josephine-Bush-compressed.jpg\" class=\"object-cover wp-image\" alt=\"\" decoding=\"async\" loading=\"lazy\" srcset=\"https:\/\/v-er.eu\/app\/uploads\/2023\/10\/Josephine-Bush-compressed.jpg 950w, https:\/\/v-er.eu\/app\/uploads\/2023\/10\/Josephine-Bush-compressed-300x212.jpg 300w, https:\/\/v-er.eu\/app\/uploads\/2023\/10\/Josephine-Bush-compressed-768x542.jpg 768w\" sizes=\"(max-width: 950px) 100vw, 950px\" \/>\n <\/div> <\/figure>      <div class=\"rounded-full absolute top-1\/2 left-1\/2\">\n        <figure class=\"m-0 w-full\">\n <div class=\"ratio ratio-1x1\">     <img width=\"950\" height=\"670\" src=\"https:\/\/v-er.eu\/app\/uploads\/2023\/10\/Josephine-Bush-compressed.jpg\" class=\"object-cover wp-image\" alt=\"\" decoding=\"async\" loading=\"lazy\" srcset=\"https:\/\/v-er.eu\/app\/uploads\/2023\/10\/Josephine-Bush-compressed.jpg 950w, https:\/\/v-er.eu\/app\/uploads\/2023\/10\/Josephine-Bush-compressed-300x212.jpg 300w, https:\/\/v-er.eu\/app\/uploads\/2023\/10\/Josephine-Bush-compressed-768x542.jpg 768w\" sizes=\"(max-width: 950px) 100vw, 950px\" \/>\n <\/div> <\/figure>      <\/div>\n      <div class=\"absolute -bottom-[2rem] left-1\/2 -translate-x-1\/2 backdrop-blur-xl p-4 rounded-full\">\n        <img decoding=\"async\" class=\"w-8 h-8\" src=\"https:\/\/v-er.eu\/app\/themes\/vulcan\/public\/images\/v-signat.d56e6a.svg\" alt=\"\">\n      <\/div>\n    <\/div>\n    <div class=\"p-6 pt-10 flex flex-col justify-center flex-1 bg-primary\">\n      <div class=\"block text-center\">\n        <p class=\"text-white mb-1\">Nicht gesch\u00e4ftsf\u00fchrende Direktorin <\/p>\n        <h3 class=\"mb-0\">\n              <span class=\"Headline block hyphens-auto text-white text-2xl font-bold\">Josephine Bush<\/span>\n      <\/h3>\n        <a @click.prevent class=\"btn textlink-secondary mt-6\"> Mehr erfahren<\/a>\n      <\/div>\n    <\/div>\n  <\/div>\n<\/div>\n  <\/div>\n  <div class=\"fixed inset-0 flex items-center justify-center z-30 before:content-[attr(before)] before:backdrop-blur-sm before:inset-0 before:fixed before:z-30\"\n    before=\"\"\n    x-show=\"open\" \n    x-transition:enter=\"transition ease-out duration-300\" \n    x-transition:enter-start=\"blur-none\" \n    x-transition:enter-end=\"backdrop-blur-sm\"\n    x-transition:leave=\"transition ease-in duration-300\" \n    x-transition:leave-start=\"backdrop-blur-sm\"\n    x-transition:leave-end=\"blur-none\"\n    @click=\"open = false\" >\n\n    <!-- Modal Content -->\n    <div class=\"z-40 p-4 relative\"\n      x-show=\"open\" \n      x-transition:enter=\"transition ease-out duration-300\" \n      x-transition:enter-start=\"opacity-0 transform translate-y-full\" \n      x-transition:enter-end=\"opacity-100 transform translate-y-0\" \n      x-transition:leave=\"transition ease-in duration-300\" \n      x-transition:leave-start=\"opacity-100 transform translate-y-0\" \n      x-transition:leave-end=\"opacity-0 transform translate-y-full\"\n      @click.stop>\n\n      <div class=\"bg-white p-8 rounded-2xl shadow-even max-w-2xl\">\n                        <div class=\"row gap-y-6\">\n                          <div class=\"col-3\">\n                            <div class=\"rounded-full overflow-hidden shadow-xl\">\n                              <figure class=\"m-0 w-full\">\n <div class=\"ratio ratio ratio-1x1\">     <img width=\"950\" height=\"670\" src=\"https:\/\/v-er.eu\/app\/uploads\/2023\/10\/Josephine-Bush-compressed.jpg\" class=\"object-cover wp-image\" alt=\"\" decoding=\"async\" loading=\"lazy\" srcset=\"https:\/\/v-er.eu\/app\/uploads\/2023\/10\/Josephine-Bush-compressed.jpg 950w, https:\/\/v-er.eu\/app\/uploads\/2023\/10\/Josephine-Bush-compressed-300x212.jpg 300w, https:\/\/v-er.eu\/app\/uploads\/2023\/10\/Josephine-Bush-compressed-768x542.jpg 768w\" sizes=\"(max-width: 950px) 100vw, 950px\" \/>\n <\/div> <\/figure>                            <\/div>\n                          <\/div>\n                          <div class=\"col-9 flex items-center\">\n                            <h3 class=\"mb-0\">\n          <span class=\"PreHeadline block hyphens-auto text-secondary text-lg font-bold font-base\">Nicht gesch\u00e4ftsf\u00fchrende Direktorin<\/span>\n              <span class=\"Headline block hyphens-auto text-primary text-3xl font-bold\">Josephine Bush<\/span>\n      <\/h3>\n                          <\/div>\n                          <div class=\"col-12\">\n                            <p class=\"mb-last-item\">Josephine Bush ist ausgebildete Anw\u00e4ltin, Steuerberaterin und verf\u00fcgt sowohl \u00fcber die CFA-Qualifikation f\u00fcr ESG-Investitionen als auch \u00fcber eine Zertifizierung f\u00fcr Nachhaltigkeit im Finanzsystem.<\/p>\n<p class=\"mb-last-item\">Bush h\u00e4lt einen Master of Arts in Rechtswissenschaften, den sie an der Cambridge Universit\u00e4t abgeschlossen hat. Im Vereinigten K\u00f6nigreich und in Irland war sie f\u00fcr den Aufbau der Steuerpraxis f\u00fcr Erneuerbare Energien\u00a0 verantwortlich.<\/p>\n<p class=\"mb-last-item\">Zuletzt war Bush es, die den globalen Gesch\u00e4ftsplan im Bereich Erneuerbare Energien von Ernst &amp; Young entwickelte. Dar\u00fcber hinaus war Josephine Bush Mitglied des Ernst &amp; Young Power and Utilities Board und des UK&amp;I Governance Board. 14 Jahre lang war sie au\u00dferdem als Seniorpartnerin bei Ernst &amp; Young t\u00e4tig.<\/p>\n\n                          <\/div>\n                        <\/div>\n                      <\/div>\n      <button class=\"mt-4 px-4 py-2 bg-coral-red text-white rounded-full rotate-45 shadow-2xl border-4 border-white absolute right-0 -top-3 cursor-pointer\"\n        @click=\"open = false\">\n        <span>+<\/span>\n      <\/button>\n    <\/div>\n  <\/div>\n<\/div>                <\/div>\n                                                        <div class=\"col-12 md:col-6 xl:col-4\">\n                  <div class=\"modal h-full\" x-data=\"{open: false}\" x-cloak>\n  <div class=\"h-full\" @click=\"open = true\">\n    <div class=\"h-full group\">\n  <div class=\"singe-tile rounded-2xl overflow-hidden shadow-even hover:scale-[1.01] transition duration-300 h-full flex flex-col\">\n    <div class=\"block relative\">\n      <figure class=\"m-0 w-full\">\n <div class=\"ratio ratio ratio-4x3\">     <img width=\"950\" height=\"648\" src=\"https:\/\/v-er.eu\/app\/uploads\/2023\/10\/Heidi-Gron-compressed.jpg\" class=\"object-cover wp-image\" alt=\"\" decoding=\"async\" loading=\"lazy\" srcset=\"https:\/\/v-er.eu\/app\/uploads\/2023\/10\/Heidi-Gron-compressed.jpg 950w, https:\/\/v-er.eu\/app\/uploads\/2023\/10\/Heidi-Gron-compressed-300x205.jpg 300w, https:\/\/v-er.eu\/app\/uploads\/2023\/10\/Heidi-Gron-compressed-768x524.jpg 768w\" sizes=\"(max-width: 950px) 100vw, 950px\" \/>\n <\/div> <\/figure>      <div class=\"rounded-full absolute top-1\/2 left-1\/2\">\n        <figure class=\"m-0 w-full\">\n <div class=\"ratio ratio-1x1\">     <img width=\"950\" height=\"648\" src=\"https:\/\/v-er.eu\/app\/uploads\/2023\/10\/Heidi-Gron-compressed.jpg\" class=\"object-cover wp-image\" alt=\"\" decoding=\"async\" loading=\"lazy\" srcset=\"https:\/\/v-er.eu\/app\/uploads\/2023\/10\/Heidi-Gron-compressed.jpg 950w, https:\/\/v-er.eu\/app\/uploads\/2023\/10\/Heidi-Gron-compressed-300x205.jpg 300w, https:\/\/v-er.eu\/app\/uploads\/2023\/10\/Heidi-Gron-compressed-768x524.jpg 768w\" sizes=\"(max-width: 950px) 100vw, 950px\" \/>\n <\/div> <\/figure>      <\/div>\n      <div class=\"absolute -bottom-[2rem] left-1\/2 -translate-x-1\/2 backdrop-blur-xl p-4 rounded-full\">\n        <img decoding=\"async\" class=\"w-8 h-8\" src=\"https:\/\/v-er.eu\/app\/themes\/vulcan\/public\/images\/v-signat.d56e6a.svg\" alt=\"\">\n      <\/div>\n    <\/div>\n    <div class=\"p-6 pt-10 flex flex-col justify-center flex-1 bg-primary\">\n      <div class=\"block text-center\">\n        <p class=\"text-white mb-1\">Nicht gesch\u00e4ftsf\u00fchrende Direktorin <\/p>\n        <h3 class=\"mb-0\">\n              <span class=\"Headline block hyphens-auto text-white text-2xl font-bold\">Dr. Heidi Gr\u00f6n<\/span>\n      <\/h3>\n        <a @click.prevent class=\"btn textlink-secondary mt-6\"> Mehr erfahren<\/a>\n      <\/div>\n    <\/div>\n  <\/div>\n<\/div>\n  <\/div>\n  <div class=\"fixed inset-0 flex items-center justify-center z-30 before:content-[attr(before)] before:backdrop-blur-sm before:inset-0 before:fixed before:z-30\"\n    before=\"\"\n    x-show=\"open\" \n    x-transition:enter=\"transition ease-out duration-300\" \n    x-transition:enter-start=\"blur-none\" \n    x-transition:enter-end=\"backdrop-blur-sm\"\n    x-transition:leave=\"transition ease-in duration-300\" \n    x-transition:leave-start=\"backdrop-blur-sm\"\n    x-transition:leave-end=\"blur-none\"\n    @click=\"open = false\" >\n\n    <!-- Modal Content -->\n    <div class=\"z-40 p-4 relative\"\n      x-show=\"open\" \n      x-transition:enter=\"transition ease-out duration-300\" \n      x-transition:enter-start=\"opacity-0 transform translate-y-full\" \n      x-transition:enter-end=\"opacity-100 transform translate-y-0\" \n      x-transition:leave=\"transition ease-in duration-300\" \n      x-transition:leave-start=\"opacity-100 transform translate-y-0\" \n      x-transition:leave-end=\"opacity-0 transform translate-y-full\"\n      @click.stop>\n\n      <div class=\"bg-white p-8 rounded-2xl shadow-even max-w-2xl\">\n                        <div class=\"row gap-y-6\">\n                          <div class=\"col-3\">\n                            <div class=\"rounded-full overflow-hidden shadow-xl\">\n                              <figure class=\"m-0 w-full\">\n <div class=\"ratio ratio ratio-1x1\">     <img width=\"950\" height=\"648\" src=\"https:\/\/v-er.eu\/app\/uploads\/2023\/10\/Heidi-Gron-compressed.jpg\" class=\"object-cover wp-image\" alt=\"\" decoding=\"async\" loading=\"lazy\" srcset=\"https:\/\/v-er.eu\/app\/uploads\/2023\/10\/Heidi-Gron-compressed.jpg 950w, https:\/\/v-er.eu\/app\/uploads\/2023\/10\/Heidi-Gron-compressed-300x205.jpg 300w, https:\/\/v-er.eu\/app\/uploads\/2023\/10\/Heidi-Gron-compressed-768x524.jpg 768w\" sizes=\"(max-width: 950px) 100vw, 950px\" \/>\n <\/div> <\/figure>                            <\/div>\n                          <\/div>\n                          <div class=\"col-9 flex items-center\">\n                            <h3 class=\"mb-0\">\n          <span class=\"PreHeadline block hyphens-auto text-secondary text-lg font-bold font-base\">Nicht gesch\u00e4ftsf\u00fchrende Direktorin<\/span>\n              <span class=\"Headline block hyphens-auto text-primary text-3xl font-bold\">Dr. Heidi Gr\u00f6n<\/span>\n      <\/h3>\n                          <\/div>\n                          <div class=\"col-12\">\n                            <p class=\"mb-last-item\">Dr. Heidi Gr\u00f6n ist Chemieingenieurin und eine erfahrene F\u00fchrungskraft mit \u00fcber 22 Jahren Erfahrung in der chemischen Industrie.<\/p>\n<p class=\"mb-last-item\">Seit 2007 war Dr. Gr\u00f6n in leitender Funktion bei Evonik t\u00e4tig &#8211; einem der gr\u00f6\u00dften Spezialchemieunternehmen der Welt mit einer Marktkapitalisierung von 14\u00a0Mrd. EUR und 32.000 Besch\u00e4ftigten.<\/p>\n\n                          <\/div>\n                        <\/div>\n                      <\/div>\n      <button class=\"mt-4 px-4 py-2 bg-coral-red text-white rounded-full rotate-45 shadow-2xl border-4 border-white absolute right-0 -top-3 cursor-pointer\"\n        @click=\"open = false\">\n        <span>+<\/span>\n      <\/button>\n    <\/div>\n  <\/div>\n<\/div>                <\/div>\n                                                        <div class=\"col-12 md:col-6 xl:col-4\">\n                  <div class=\"modal h-full\" x-data=\"{open: false}\" x-cloak>\n  <div class=\"h-full\" @click=\"open = true\">\n    <div class=\"h-full group\">\n  <div class=\"singe-tile rounded-2xl overflow-hidden shadow-even hover:scale-[1.01] transition duration-300 h-full flex flex-col\">\n    <div class=\"block relative\">\n      <figure class=\"m-0 w-full\">\n <div class=\"ratio ratio ratio-4x3\">     <img width=\"950\" height=\"633\" src=\"https:\/\/v-er.eu\/app\/uploads\/2023\/10\/Gunther-Hilken-compressed.jpg\" class=\"object-cover wp-image\" alt=\"\" decoding=\"async\" loading=\"lazy\" srcset=\"https:\/\/v-er.eu\/app\/uploads\/2023\/10\/Gunther-Hilken-compressed.jpg 950w, https:\/\/v-er.eu\/app\/uploads\/2023\/10\/Gunther-Hilken-compressed-300x200.jpg 300w, https:\/\/v-er.eu\/app\/uploads\/2023\/10\/Gunther-Hilken-compressed-768x512.jpg 768w\" sizes=\"(max-width: 950px) 100vw, 950px\" \/>\n <\/div> <\/figure>      <div class=\"rounded-full absolute top-1\/2 left-1\/2\">\n        <figure class=\"m-0 w-full\">\n <div class=\"ratio ratio-1x1\">     <img width=\"950\" height=\"633\" src=\"https:\/\/v-er.eu\/app\/uploads\/2023\/10\/Gunther-Hilken-compressed.jpg\" class=\"object-cover wp-image\" alt=\"\" decoding=\"async\" loading=\"lazy\" srcset=\"https:\/\/v-er.eu\/app\/uploads\/2023\/10\/Gunther-Hilken-compressed.jpg 950w, https:\/\/v-er.eu\/app\/uploads\/2023\/10\/Gunther-Hilken-compressed-300x200.jpg 300w, https:\/\/v-er.eu\/app\/uploads\/2023\/10\/Gunther-Hilken-compressed-768x512.jpg 768w\" sizes=\"(max-width: 950px) 100vw, 950px\" \/>\n <\/div> <\/figure>      <\/div>\n      <div class=\"absolute -bottom-[2rem] left-1\/2 -translate-x-1\/2 backdrop-blur-xl p-4 rounded-full\">\n        <img decoding=\"async\" class=\"w-8 h-8\" src=\"https:\/\/v-er.eu\/app\/themes\/vulcan\/public\/images\/v-signat.d56e6a.svg\" alt=\"\">\n      <\/div>\n    <\/div>\n    <div class=\"p-6 pt-10 flex flex-col justify-center flex-1 bg-primary\">\n      <div class=\"block text-center\">\n        <p class=\"text-white mb-1\">Nicht gesch\u00e4ftsf\u00fchrender Direktor <\/p>\n        <h3 class=\"mb-0\">\n              <span class=\"Headline block hyphens-auto text-white text-2xl font-bold\">Dr. G\u00fcnter Hilken<\/span>\n      <\/h3>\n        <a @click.prevent class=\"btn textlink-secondary mt-6\"> Mehr erfahren<\/a>\n      <\/div>\n    <\/div>\n  <\/div>\n<\/div>\n  <\/div>\n  <div class=\"fixed inset-0 flex items-center justify-center z-30 before:content-[attr(before)] before:backdrop-blur-sm before:inset-0 before:fixed before:z-30\"\n    before=\"\"\n    x-show=\"open\" \n    x-transition:enter=\"transition ease-out duration-300\" \n    x-transition:enter-start=\"blur-none\" \n    x-transition:enter-end=\"backdrop-blur-sm\"\n    x-transition:leave=\"transition ease-in duration-300\" \n    x-transition:leave-start=\"backdrop-blur-sm\"\n    x-transition:leave-end=\"blur-none\"\n    @click=\"open = false\" >\n\n    <!-- Modal Content -->\n    <div class=\"z-40 p-4 relative\"\n      x-show=\"open\" \n      x-transition:enter=\"transition ease-out duration-300\" \n      x-transition:enter-start=\"opacity-0 transform translate-y-full\" \n      x-transition:enter-end=\"opacity-100 transform translate-y-0\" \n      x-transition:leave=\"transition ease-in duration-300\" \n      x-transition:leave-start=\"opacity-100 transform translate-y-0\" \n      x-transition:leave-end=\"opacity-0 transform translate-y-full\"\n      @click.stop>\n\n      <div class=\"bg-white p-8 rounded-2xl shadow-even max-w-2xl\">\n                        <div class=\"row gap-y-6\">\n                          <div class=\"col-3\">\n                            <div class=\"rounded-full overflow-hidden shadow-xl\">\n                              <figure class=\"m-0 w-full\">\n <div class=\"ratio ratio ratio-1x1\">     <img width=\"950\" height=\"633\" src=\"https:\/\/v-er.eu\/app\/uploads\/2023\/10\/Gunther-Hilken-compressed.jpg\" class=\"object-cover wp-image\" alt=\"\" decoding=\"async\" loading=\"lazy\" srcset=\"https:\/\/v-er.eu\/app\/uploads\/2023\/10\/Gunther-Hilken-compressed.jpg 950w, https:\/\/v-er.eu\/app\/uploads\/2023\/10\/Gunther-Hilken-compressed-300x200.jpg 300w, https:\/\/v-er.eu\/app\/uploads\/2023\/10\/Gunther-Hilken-compressed-768x512.jpg 768w\" sizes=\"(max-width: 950px) 100vw, 950px\" \/>\n <\/div> <\/figure>                            <\/div>\n                          <\/div>\n                          <div class=\"col-9 flex items-center\">\n                            <h3 class=\"mb-0\">\n          <span class=\"PreHeadline block hyphens-auto text-secondary text-lg font-bold font-base\">Nicht gesch\u00e4ftsf\u00fchrender Direktor<\/span>\n              <span class=\"Headline block hyphens-auto text-primary text-3xl font-bold\">Dr. G\u00fcnter Hilken<\/span>\n      <\/h3>\n                          <\/div>\n                          <div class=\"col-12\">\n                            <p class=\"mb-last-item\">Dr. Hilken hat mehr als 35 Jahre Berufserfahrung und verf\u00fcgt \u00fcber ein tiefes Verst\u00e4ndnis der deutschen Investitionssektoren Chemie, Erneuerbare Energien und Infrastruktur. Dr. Hilken hat dar\u00fcber hinaus \u00fcber f\u00fchrende Industrieverb\u00e4nde gro\u00dfe Einblicke in die\u00a0 deutschen Regierung auf Landes- und Bundesebene.<\/p>\n<p class=\"mb-last-item\">Dr. Hilken ist Chefberater bei Macquarie Asset Management, Direktor von Currenta sowie Pr\u00e4sident und Vorstandsvorsitzender des Verbands der Industriellen Energie- und Kraftwirtschaft (VIK).<\/p>\n\n                          <\/div>\n                        <\/div>\n                      <\/div>\n      <button class=\"mt-4 px-4 py-2 bg-coral-red text-white rounded-full rotate-45 shadow-2xl border-4 border-white absolute right-0 -top-3 cursor-pointer\"\n        @click=\"open = false\">\n        <span>+<\/span>\n      <\/button>\n    <\/div>\n  <\/div>\n<\/div>                <\/div>\n                                    <\/div>\n              <\/div>\n    <\/div>\n  <\/div>\n  <\/section>\n\n<section id=\"block_c7118894fce0016795cd633c288f7855\" class=\"block__members block block_margin\">\n    <div class=\"bg-none \">\n    <div class=\"container\">\n      <div class=\"row gap-y-14\">\n        <div class=\"col-12 lg:col-6\">\n  <h2 >\n          <span class=\"PreHeadline block text-3xl hyphens-auto font-bold text-secondary font-highlight\">Board Advisors<\/span>\n              <span class=\"Headline block hyphens-auto text-primary\"><\/span>\n      <\/h2>\n\n  \n  \n\n  \n<\/div>\n                  <div class=\"row gap-y-6\">\n                                          <div class=\"col-12 md:col-6 xl:col-4\">\n                  <div class=\"modal h-full\" x-data=\"{open: false}\" x-cloak>\n  <div class=\"h-full\" @click=\"open = true\">\n    <div class=\"h-full group\">\n  <div class=\"singe-tile rounded-2xl overflow-hidden shadow-even hover:scale-[1.01] transition duration-300 h-full flex flex-col\">\n    <div class=\"block relative\">\n      <figure class=\"m-0 w-full\">\n <div class=\"ratio ratio ratio-4x3\">     <img width=\"1000\" height=\"687\" src=\"https:\/\/v-er.eu\/app\/uploads\/2023\/10\/Portrat-Horst-Kreuter-Uli-Deck-10.jpg\" class=\"object-cover wp-image\" alt=\"portrait picture Horst Kreuter\" decoding=\"async\" loading=\"lazy\" srcset=\"https:\/\/v-er.eu\/app\/uploads\/2023\/10\/Portrat-Horst-Kreuter-Uli-Deck-10.jpg 1000w, https:\/\/v-er.eu\/app\/uploads\/2023\/10\/Portrat-Horst-Kreuter-Uli-Deck-10-300x206.jpg 300w, https:\/\/v-er.eu\/app\/uploads\/2023\/10\/Portrat-Horst-Kreuter-Uli-Deck-10-768x528.jpg 768w\" sizes=\"(max-width: 1000px) 100vw, 1000px\" \/>\n <\/div> <\/figure>      <div class=\"rounded-full absolute top-1\/2 left-1\/2\">\n        <figure class=\"m-0 w-full\">\n <div class=\"ratio ratio-1x1\">     <img width=\"1000\" height=\"687\" src=\"https:\/\/v-er.eu\/app\/uploads\/2023\/10\/Portrat-Horst-Kreuter-Uli-Deck-10.jpg\" class=\"object-cover wp-image\" alt=\"portrait picture Horst Kreuter\" decoding=\"async\" loading=\"lazy\" srcset=\"https:\/\/v-er.eu\/app\/uploads\/2023\/10\/Portrat-Horst-Kreuter-Uli-Deck-10.jpg 1000w, https:\/\/v-er.eu\/app\/uploads\/2023\/10\/Portrat-Horst-Kreuter-Uli-Deck-10-300x206.jpg 300w, https:\/\/v-er.eu\/app\/uploads\/2023\/10\/Portrat-Horst-Kreuter-Uli-Deck-10-768x528.jpg 768w\" sizes=\"(max-width: 1000px) 100vw, 1000px\" \/>\n <\/div> <\/figure>      <\/div>\n      <div class=\"absolute -bottom-[2rem] left-1\/2 -translate-x-1\/2 backdrop-blur-xl p-4 rounded-full\">\n        <img decoding=\"async\" class=\"w-8 h-8\" src=\"https:\/\/v-er.eu\/app\/themes\/vulcan\/public\/images\/v-signat.d56e6a.svg\" alt=\"\">\n      <\/div>\n    <\/div>\n    <div class=\"p-6 pt-10 flex flex-col justify-center flex-1 bg-primary\">\n      <div class=\"block text-center\">\n        <p class=\"text-white mb-1\">Special Advisor und Mitbegr\u00fcnder<\/p>\n        <h3 class=\"mb-0\">\n              <span class=\"Headline block hyphens-auto text-white text-2xl font-bold\">Dr. Horst Kreuter<\/span>\n      <\/h3>\n        <a @click.prevent class=\"btn textlink-secondary mt-6\"> Mehr erfahren<\/a>\n      <\/div>\n    <\/div>\n  <\/div>\n<\/div>\n  <\/div>\n  <div class=\"fixed inset-0 flex items-center justify-center z-30 before:content-[attr(before)] before:backdrop-blur-sm before:inset-0 before:fixed before:z-30\"\n    before=\"\"\n    x-show=\"open\" \n    x-transition:enter=\"transition ease-out duration-300\" \n    x-transition:enter-start=\"blur-none\" \n    x-transition:enter-end=\"backdrop-blur-sm\"\n    x-transition:leave=\"transition ease-in duration-300\" \n    x-transition:leave-start=\"backdrop-blur-sm\"\n    x-transition:leave-end=\"blur-none\"\n    @click=\"open = false\" >\n\n    <!-- Modal Content -->\n    <div class=\"z-40 p-4 relative\"\n      x-show=\"open\" \n      x-transition:enter=\"transition ease-out duration-300\" \n      x-transition:enter-start=\"opacity-0 transform translate-y-full\" \n      x-transition:enter-end=\"opacity-100 transform translate-y-0\" \n      x-transition:leave=\"transition ease-in duration-300\" \n      x-transition:leave-start=\"opacity-100 transform translate-y-0\" \n      x-transition:leave-end=\"opacity-0 transform translate-y-full\"\n      @click.stop>\n\n      <div class=\"bg-white p-8 rounded-2xl shadow-even max-w-2xl\">\n                        <div class=\"row gap-y-6\">\n                          <div class=\"col-3\">\n                            <div class=\"rounded-full overflow-hidden shadow-xl\">\n                              <figure class=\"m-0 w-full\">\n <div class=\"ratio ratio ratio-1x1\">     <img width=\"1000\" height=\"687\" src=\"https:\/\/v-er.eu\/app\/uploads\/2023\/10\/Portrat-Horst-Kreuter-Uli-Deck-10.jpg\" class=\"object-cover wp-image\" alt=\"portrait picture Horst Kreuter\" decoding=\"async\" loading=\"lazy\" srcset=\"https:\/\/v-er.eu\/app\/uploads\/2023\/10\/Portrat-Horst-Kreuter-Uli-Deck-10.jpg 1000w, https:\/\/v-er.eu\/app\/uploads\/2023\/10\/Portrat-Horst-Kreuter-Uli-Deck-10-300x206.jpg 300w, https:\/\/v-er.eu\/app\/uploads\/2023\/10\/Portrat-Horst-Kreuter-Uli-Deck-10-768x528.jpg 768w\" sizes=\"(max-width: 1000px) 100vw, 1000px\" \/>\n <\/div> <\/figure>                            <\/div>\n                          <\/div>\n                          <div class=\"col-9 flex items-center\">\n                            <h3 class=\"mb-0\">\n          <span class=\"PreHeadline block hyphens-auto text-secondary text-lg font-bold font-base\">Special Advisor und Mitbegr\u00fcnder<\/span>\n              <span class=\"Headline block hyphens-auto text-primary text-3xl font-bold\">Dr. Horst Kreuter<\/span>\n      <\/h3>\n                          <\/div>\n                          <div class=\"col-12\">\n                            <p class=\"mb-last-item\">Dr. Horst Kreuter ist erfahrener Unternehmer und Ingenieurgeologe mit umfangreicher Erfahrung in der Projektentwicklung und Beratung im Bereich der Tiefengeothermie.<\/p>\n<p class=\"mb-last-item\">Dr. Kreuter war innerhalb Deutschland als auch weltweit erfolgreich in der Entwicklung und Genehmigung von Tiefengeothermieprojekten t\u00e4tig. Er ist Mitbegr\u00fcnder des Vulcan Zero Carbon Lithium\u2122-Projekts sowie ehemaliger CEO der Geothermal Group Germany GmbH und der GeoThermal Engineering GmbH (GeoT).<\/p>\n<p class=\"mb-last-item\">Dr. Kreuter verf\u00fcgt \u00fcber ein weit verzweigtes Netzwerk aus Politikern, Investoren und Wirtschaftsvertretern in Deutschland und Europa. Er lebt in Karlsruhe,\u00a0 in der N\u00e4he des Projektgebiets im Oberrheintal.<\/p>\n\n                          <\/div>\n                        <\/div>\n                      <\/div>\n      <button class=\"mt-4 px-4 py-2 bg-coral-red text-white rounded-full rotate-45 shadow-2xl border-4 border-white absolute right-0 -top-3 cursor-pointer\"\n        @click=\"open = false\">\n        <span>+<\/span>\n      <\/button>\n    <\/div>\n  <\/div>\n<\/div>                <\/div>\n                                                        <div class=\"col-12 md:col-6 xl:col-4\">\n                  <div class=\"modal h-full\" x-data=\"{open: false}\" x-cloak>\n  <div class=\"h-full\" @click=\"open = true\">\n    <div class=\"h-full group\">\n  <div class=\"singe-tile rounded-2xl overflow-hidden shadow-even hover:scale-[1.01] transition duration-300 h-full flex flex-col\">\n    <div class=\"block relative\">\n      <figure class=\"m-0 w-full\">\n <div class=\"ratio ratio ratio-4x3\">     <img width=\"812\" height=\"665\" src=\"https:\/\/v-er.eu\/app\/uploads\/2023\/10\/Julia-Poliscanova-e1699023775694.jpg\" class=\"object-cover wp-image\" alt=\"portrait picture\" decoding=\"async\" loading=\"lazy\" srcset=\"https:\/\/v-er.eu\/app\/uploads\/2023\/10\/Julia-Poliscanova-e1699023775694.jpg 812w, https:\/\/v-er.eu\/app\/uploads\/2023\/10\/Julia-Poliscanova-e1699023775694-300x246.jpg 300w, https:\/\/v-er.eu\/app\/uploads\/2023\/10\/Julia-Poliscanova-e1699023775694-768x629.jpg 768w\" sizes=\"(max-width: 812px) 100vw, 812px\" \/>\n <\/div> <\/figure>      <div class=\"rounded-full absolute top-1\/2 left-1\/2\">\n        <figure class=\"m-0 w-full\">\n <div class=\"ratio ratio-1x1\">     <img width=\"812\" height=\"665\" src=\"https:\/\/v-er.eu\/app\/uploads\/2023\/10\/Julia-Poliscanova-e1699023775694.jpg\" class=\"object-cover wp-image\" alt=\"portrait picture\" decoding=\"async\" loading=\"lazy\" srcset=\"https:\/\/v-er.eu\/app\/uploads\/2023\/10\/Julia-Poliscanova-e1699023775694.jpg 812w, https:\/\/v-er.eu\/app\/uploads\/2023\/10\/Julia-Poliscanova-e1699023775694-300x246.jpg 300w, https:\/\/v-er.eu\/app\/uploads\/2023\/10\/Julia-Poliscanova-e1699023775694-768x629.jpg 768w\" sizes=\"(max-width: 812px) 100vw, 812px\" \/>\n <\/div> <\/figure>      <\/div>\n      <div class=\"absolute -bottom-[2rem] left-1\/2 -translate-x-1\/2 backdrop-blur-xl p-4 rounded-full\">\n        <img decoding=\"async\" class=\"w-8 h-8\" src=\"https:\/\/v-er.eu\/app\/themes\/vulcan\/public\/images\/v-signat.d56e6a.svg\" alt=\"\">\n      <\/div>\n    <\/div>\n    <div class=\"p-6 pt-10 flex flex-col justify-center flex-1 bg-primary\">\n      <div class=\"block text-center\">\n        <p class=\"text-white mb-1\">Special Advisor<\/p>\n        <h3 class=\"mb-0\">\n              <span class=\"Headline block hyphens-auto text-white text-2xl font-bold\">Julia Poliscanova<\/span>\n      <\/h3>\n        <a @click.prevent class=\"btn textlink-secondary mt-6\"> Mehr erfahren<\/a>\n      <\/div>\n    <\/div>\n  <\/div>\n<\/div>\n  <\/div>\n  <div class=\"fixed inset-0 flex items-center justify-center z-30 before:content-[attr(before)] before:backdrop-blur-sm before:inset-0 before:fixed before:z-30\"\n    before=\"\"\n    x-show=\"open\" \n    x-transition:enter=\"transition ease-out duration-300\" \n    x-transition:enter-start=\"blur-none\" \n    x-transition:enter-end=\"backdrop-blur-sm\"\n    x-transition:leave=\"transition ease-in duration-300\" \n    x-transition:leave-start=\"backdrop-blur-sm\"\n    x-transition:leave-end=\"blur-none\"\n    @click=\"open = false\" >\n\n    <!-- Modal Content -->\n    <div class=\"z-40 p-4 relative\"\n      x-show=\"open\" \n      x-transition:enter=\"transition ease-out duration-300\" \n      x-transition:enter-start=\"opacity-0 transform translate-y-full\" \n      x-transition:enter-end=\"opacity-100 transform translate-y-0\" \n      x-transition:leave=\"transition ease-in duration-300\" \n      x-transition:leave-start=\"opacity-100 transform translate-y-0\" \n      x-transition:leave-end=\"opacity-0 transform translate-y-full\"\n      @click.stop>\n\n      <div class=\"bg-white p-8 rounded-2xl shadow-even max-w-2xl\">\n                        <div class=\"row gap-y-6\">\n                          <div class=\"col-3\">\n                            <div class=\"rounded-full overflow-hidden shadow-xl\">\n                              <figure class=\"m-0 w-full\">\n <div class=\"ratio ratio ratio-1x1\">     <img width=\"812\" height=\"665\" src=\"https:\/\/v-er.eu\/app\/uploads\/2023\/10\/Julia-Poliscanova-e1699023775694.jpg\" class=\"object-cover wp-image\" alt=\"portrait picture\" decoding=\"async\" loading=\"lazy\" srcset=\"https:\/\/v-er.eu\/app\/uploads\/2023\/10\/Julia-Poliscanova-e1699023775694.jpg 812w, https:\/\/v-er.eu\/app\/uploads\/2023\/10\/Julia-Poliscanova-e1699023775694-300x246.jpg 300w, https:\/\/v-er.eu\/app\/uploads\/2023\/10\/Julia-Poliscanova-e1699023775694-768x629.jpg 768w\" sizes=\"(max-width: 812px) 100vw, 812px\" \/>\n <\/div> <\/figure>                            <\/div>\n                          <\/div>\n                          <div class=\"col-9 flex items-center\">\n                            <h3 class=\"mb-0\">\n          <span class=\"PreHeadline block hyphens-auto text-secondary text-lg font-bold font-base\">Special Advisor<\/span>\n              <span class=\"Headline block hyphens-auto text-primary text-3xl font-bold\">Julia Poliscanova<\/span>\n      <\/h3>\n                          <\/div>\n                          <div class=\"col-12\">\n                            <p class=\"mb-last-item\">Julia Poliscanova ist als leitende Direktorin des Europ\u00e4ischen Verbands Transport &amp; Environment t\u00e4tig.<\/p>\n<p class=\"mb-last-item\">Sie ist ma\u00dfgeblich an der Gestaltung der Politik in Bezug auf die CO2-Normen f\u00fcr Fahrzeuge und nachhaltige Batterien der EU beteiligt.<\/p>\n<p class=\"mb-last-item\">Julia Poliscanova arbeitete zuvor f\u00fcr den B\u00fcrgermeister Londons als leitende Beauftragte f\u00fcr EU-Politik. Sie ist au\u00dferdem Mitglied im Lenkungsausschuss f\u00fcr das Battery CO2 Passport Programm der Global Battery Alliance.<\/p>\n\n                          <\/div>\n                        <\/div>\n                      <\/div>\n      <button class=\"mt-4 px-4 py-2 bg-coral-red text-white rounded-full rotate-45 shadow-2xl border-4 border-white absolute right-0 -top-3 cursor-pointer\"\n        @click=\"open = false\">\n        <span>+<\/span>\n      <\/button>\n    <\/div>\n  <\/div>\n<\/div>                <\/div>\n                                    <\/div>\n              <\/div>\n    <\/div>\n  <\/div>\n  <\/section>","protected":false},"excerpt":{"rendered":"","protected":false},"author":5,"featured_media":0,"parent":0,"menu_order":0,"comment_status":"closed","ping_status":"closed","template":"","meta":[],"acf":[],"yoast_head":"<!-- This site is optimized with the Yoast SEO plugin v20.13 - https:\/\/yoast.com\/wordpress\/plugins\/seo\/ -->\n<title>Board of Directors - VULCAN ENERGY RESOURCES<\/title>\n<meta name=\"description\" content=\"Vulcans Experten-Team wird von einem Verwaltungsrat unterst\u00fctzt, der \u00fcber jahrzehntelange Erfahrung in der Lithiumindustrie, der Geologie...\" \/>\n<meta name=\"robots\" content=\"index, follow, max-snippet:-1, max-image-preview:large, max-video-preview:-1\" \/>\n<link rel=\"canonical\" href=\"https:\/\/v-er.eu\/de\/verwaltungsrat\/\" \/>\n<meta property=\"og:locale\" content=\"de_DE\" \/>\n<meta property=\"og:type\" content=\"article\" \/>\n<meta property=\"og:title\" content=\"Board of Directors - VULCAN ENERGY RESOURCES\" \/>\n<meta property=\"og:description\" content=\"Vulcans Experten-Team wird von einem Verwaltungsrat unterst\u00fctzt, der \u00fcber jahrzehntelange Erfahrung in der Lithiumindustrie, der Geologie...\" \/>\n<meta property=\"og:url\" content=\"https:\/\/v-er.eu\/de\/verwaltungsrat\/\" \/>\n<meta property=\"og:site_name\" content=\"VULCAN ENERGY RESOURCES\" \/>\n<meta property=\"article:modified_time\" content=\"2025-01-14T15:21:41+00:00\" \/>\n<meta name=\"twitter:card\" content=\"summary_large_image\" \/>\n<script type=\"application\/ld+json\" class=\"yoast-schema-graph\">{\"@context\":\"https:\/\/schema.org\",\"@graph\":[{\"@type\":\"WebPage\",\"@id\":\"https:\/\/v-er.eu\/de\/verwaltungsrat\/\",\"url\":\"https:\/\/v-er.eu\/de\/verwaltungsrat\/\",\"name\":\"Board of Directors - VULCAN ENERGY RESOURCES\",\"isPartOf\":{\"@id\":\"https:\/\/v-er.eu\/#website\"},\"datePublished\":\"2023-10-30T15:17:14+00:00\",\"dateModified\":\"2025-01-14T15:21:41+00:00\",\"description\":\"Vulcans Experten-Team wird von einem Verwaltungsrat unterst\u00fctzt, der \u00fcber jahrzehntelange Erfahrung in der Lithiumindustrie, der Geologie...\",\"breadcrumb\":{\"@id\":\"https:\/\/v-er.eu\/de\/verwaltungsrat\/#breadcrumb\"},\"inLanguage\":\"de-DE\",\"potentialAction\":[{\"@type\":\"ReadAction\",\"target\":[\"https:\/\/v-er.eu\/de\/verwaltungsrat\/\"]}]},{\"@type\":\"BreadcrumbList\",\"@id\":\"https:\/\/v-er.eu\/de\/verwaltungsrat\/#breadcrumb\",\"itemListElement\":[{\"@type\":\"ListItem\",\"position\":1,\"name\":\"Home\",\"item\":\"https:\/\/v-er.eu\/de\/\"},{\"@type\":\"ListItem\",\"position\":2,\"name\":\"Board of Directors\"}]},{\"@type\":\"WebSite\",\"@id\":\"https:\/\/v-er.eu\/#website\",\"url\":\"https:\/\/v-er.eu\/\",\"name\":\"VULCAN ENERGY RESOURCES\",\"description\":\"Vulcan\u2019s purpose is to empower a net zero carbon future, aiming to supply lithium chemicals and renewable energy from Europe, for Europe from its Zero Carbon Lithium\u2122 Project.\",\"potentialAction\":[{\"@type\":\"SearchAction\",\"target\":{\"@type\":\"EntryPoint\",\"urlTemplate\":\"https:\/\/v-er.eu\/?s={search_term_string}\"},\"query-input\":\"required name=search_term_string\"}],\"inLanguage\":\"de-DE\"}]}<\/script>\n<!-- \/ Yoast SEO plugin. -->","yoast_head_json":{"title":"Board of Directors - VULCAN ENERGY RESOURCES","description":"Vulcans Experten-Team wird von einem Verwaltungsrat unterst\u00fctzt, der \u00fcber jahrzehntelange Erfahrung in der Lithiumindustrie, der Geologie...","robots":{"index":"index","follow":"follow","max-snippet":"max-snippet:-1","max-image-preview":"max-image-preview:large","max-video-preview":"max-video-preview:-1"},"canonical":"https:\/\/v-er.eu\/de\/verwaltungsrat\/","og_locale":"de_DE","og_type":"article","og_title":"Board of Directors - VULCAN ENERGY RESOURCES","og_description":"Vulcans Experten-Team wird von einem Verwaltungsrat unterst\u00fctzt, der \u00fcber jahrzehntelange Erfahrung in der Lithiumindustrie, der Geologie...","og_url":"https:\/\/v-er.eu\/de\/verwaltungsrat\/","og_site_name":"VULCAN ENERGY RESOURCES","article_modified_time":"2025-01-14T15:21:41+00:00","twitter_card":"summary_large_image","schema":{"@context":"https:\/\/schema.org","@graph":[{"@type":"WebPage","@id":"https:\/\/v-er.eu\/de\/verwaltungsrat\/","url":"https:\/\/v-er.eu\/de\/verwaltungsrat\/","name":"Board of Directors - VULCAN ENERGY RESOURCES","isPartOf":{"@id":"https:\/\/v-er.eu\/#website"},"datePublished":"2023-10-30T15:17:14+00:00","dateModified":"2025-01-14T15:21:41+00:00","description":"Vulcans Experten-Team wird von einem Verwaltungsrat unterst\u00fctzt, der \u00fcber jahrzehntelange Erfahrung in der Lithiumindustrie, der Geologie...","breadcrumb":{"@id":"https:\/\/v-er.eu\/de\/verwaltungsrat\/#breadcrumb"},"inLanguage":"de-DE","potentialAction":[{"@type":"ReadAction","target":["https:\/\/v-er.eu\/de\/verwaltungsrat\/"]}]},{"@type":"BreadcrumbList","@id":"https:\/\/v-er.eu\/de\/verwaltungsrat\/#breadcrumb","itemListElement":[{"@type":"ListItem","position":1,"name":"Home","item":"https:\/\/v-er.eu\/de\/"},{"@type":"ListItem","position":2,"name":"Board of Directors"}]},{"@type":"WebSite","@id":"https:\/\/v-er.eu\/#website","url":"https:\/\/v-er.eu\/","name":"VULCAN ENERGY RESOURCES","description":"Vulcan\u2019s purpose is to empower a net zero carbon future, aiming to supply lithium chemicals and renewable energy from Europe, for Europe from its Zero Carbon Lithium\u2122 Project.","potentialAction":[{"@type":"SearchAction","target":{"@type":"EntryPoint","urlTemplate":"https:\/\/v-er.eu\/?s={search_term_string}"},"query-input":"required name=search_term_string"}],"inLanguage":"de-DE"}]}},"_links":{"self":[{"href":"https:\/\/v-er.eu\/de\/wp-json\/wp\/v2\/pages\/6127"}],"collection":[{"href":"https:\/\/v-er.eu\/de\/wp-json\/wp\/v2\/pages"}],"about":[{"href":"https:\/\/v-er.eu\/de\/wp-json\/wp\/v2\/types\/page"}],"author":[{"embeddable":true,"href":"https:\/\/v-er.eu\/de\/wp-json\/wp\/v2\/users\/5"}],"replies":[{"embeddable":true,"href":"https:\/\/v-er.eu\/de\/wp-json\/wp\/v2\/comments?post=6127"}],"version-history":[{"count":41,"href":"https:\/\/v-er.eu\/de\/wp-json\/wp\/v2\/pages\/6127\/revisions"}],"predecessor-version":[{"id":17871,"href":"https:\/\/v-er.eu\/de\/wp-json\/wp\/v2\/pages\/6127\/revisions\/17871"}],"wp:attachment":[{"href":"https:\/\/v-er.eu\/de\/wp-json\/wp\/v2\/media?parent=6127"}],"curies":[{"name":"wp","href":"https:\/\/api.w.org\/{rel}","templated":true}]}}